{"id":77,"date":"2016-05-12T09:27:58","date_gmt":"2016-05-12T08:27:58","guid":{"rendered":"http:\/\/fathydanse.fr\/?page_id=77"},"modified":"2024-09-05T13:09:32","modified_gmt":"2024-09-05T12:09:32","slug":"le-professeur","status":"publish","type":"page","link":"https:\/\/fathydanse.fr\/ecole-de-danse\/le-professeur\/","title":{"rendered":"Les professeurs"},"content":{"rendered":"<p>[et_pb_section fb_built=\u00a0\u00bb1&Prime; admin_label=\u00a0\u00bbSection\u00a0\u00bb _builder_version=\u00a0\u00bb4.16&Prime; global_colors_info=\u00a0\u00bb{}\u00a0\u00bb][et_pb_row column_structure=\u00a0\u00bb2_3,1_3&Prime; admin_label=\u00a0\u00bbLigne\u00a0\u00bb _builder_version=\u00a0\u00bb4.16&Prime; background_size=\u00a0\u00bbinitial\u00a0\u00bb background_position=\u00a0\u00bbtop_left\u00a0\u00bb background_repeat=\u00a0\u00bbrepeat\u00a0\u00bb global_colors_info=\u00a0\u00bb{}\u00a0\u00bb][et_pb_column type=\u00a0\u00bb2_3&Prime; _builder_version=\u00a0\u00bb4.16&Prime; custom_padding=\u00a0\u00bb|||\u00a0\u00bb global_colors_info=\u00a0\u00bb{}\u00a0\u00bb custom_padding__hover=\u00a0\u00bb|||\u00a0\u00bb][et_pb_text admin_label=\u00a0\u00bbTexte\u00a0\u00bb _builder_version=\u00a0\u00bb4.16&Prime; background_size=\u00a0\u00bbinitial\u00a0\u00bb background_position=\u00a0\u00bbtop_left\u00a0\u00bb background_repeat=\u00a0\u00bbrepeat\u00a0\u00bb use_border_color=\u00a0\u00bboff\u00a0\u00bb border_color=\u00a0\u00bb#ffffff\u00a0\u00bb border_style=\u00a0\u00bbsolid\u00a0\u00bb global_colors_info=\u00a0\u00bb{}\u00a0\u00bb]<\/p>\n<h1>Bouchaib Fathy, dipl\u00f4m\u00e9 d&rsquo;\u00e9tat<\/h1>\n<hr \/>\n<p><strong><u>Etudes\u00a0\u00a0 <\/u><\/strong><\/p>\n<p><strong><strong>1997<\/strong> Dipl\u00f4me d\u2019Etat de professeur de danse classique et modern jazz<\/strong><\/p>\n<p><strong>1980<\/strong> Premier prix de conservatoire<\/p>\n<p>Etudes \u00e0 Paris avec <strong>Gilbert Meyer, Daniel Frank et Franchetti <\/strong>de l\u2019Op\u00e9ra de Paris<\/p>\n<p>Etudes de modern jazz avec <strong>Matt Mattox <\/strong>et<strong> Redha<\/strong><\/p>\n<p><strong>1975-1976<\/strong> Dipl\u00f4mes sup\u00e9rieurs 1 et 2 au Conservatoire National du Maroc<\/p>\n<p><strong><u>Carri\u00e8re<\/u><\/strong><\/p>\n<p><strong>1981<\/strong> Compagnie du Ballet de Paris \u2013 Ma\u00eetre de ballet\u00a0:<strong> Christian Comte<\/strong><\/p>\n<p><strong>1982 <\/strong>Grand Th\u00e9\u00e2tre de Bordeaux \u2013 Ma\u00eetre de ballet<strong>\u00a0<\/strong>: <strong>Vladimir Skoratof<\/strong><\/p>\n<p><strong>1983<\/strong> Soliste \u00e0 l\u2019Op\u00e9ra de Berlin \u2013 Ma\u00eetre de ballet\u00a0: <strong>Mickael Cheulse<\/strong><\/p>\n<p><strong>1984<\/strong> Soliste dans le cadre d\u2019une tourn\u00e9e en Allemagne \u2013 Ma\u00eetre de ballet\u00a0: <strong>Andrej Glegolski<\/strong><\/p>\n<p>Invit\u00e9 \u00e0 l\u2019Op\u00e9ra de Nice \u2013 Ma\u00eetre de ballet\u00a0: <strong>Fran\u00e7oise Adret<\/strong><\/p>\n<p><strong>1985<\/strong> Tourn\u00e9e avec le Th\u00e9\u00e2tre lyrique europ\u00e9en pour <em>My Fair Lady<\/em><\/p>\n<p>Soliste dans le Ballet classique de Paris \u2013 Ma\u00eetre de ballet\u00a0: <strong>Anne Puiss\u00e9gur<\/strong><\/p>\n<p><strong>1986<\/strong> Invit\u00e9 au Grand Th\u00e9\u00e2tre de Reims \u2013 Ma\u00eetre de ballet\u00a0: <strong>Br\u00e9zil Bertrand<\/strong><\/p>\n<p>Soliste dans la compagnie Synadelphes \u2013 Ma\u00eetre de ballet\u00a0: <strong>Patrick Tridon<\/strong><\/p>\n<p><strong>1987<\/strong> Invit\u00e9 au Ballet de Ch\u00e2teauroux \u2013 Ma\u00eetre de ballet\u00a0: <strong>Christian Comte<\/strong><\/p>\n<p><strong>1988<\/strong> Invit\u00e9 au Th\u00e9\u00e2tre de Tourcoing<\/p>\n<p><strong>1989<\/strong> Soliste au Th\u00e9\u00e2tre des Arts de Rouen<\/p>\n<p><strong>1990<\/strong> Invit\u00e9 au Th\u00e9\u00e2tre de Bordeaux \u2013 Ma\u00eetre de ballet\u00a0: <strong>Joseph Lazini<\/strong><\/p>\n<p><strong>1991 \u00e0 ce jour<\/strong> Professeur ind\u00e9pendant de danse classique, modern jazz et gym<\/p>\n<p>[\/et_pb_text][\/et_pb_column][et_pb_column type=\u00a0\u00bb1_3&Prime; _builder_version=\u00a0\u00bb4.16&Prime; custom_padding=\u00a0\u00bb|||\u00a0\u00bb global_colors_info=\u00a0\u00bb{}\u00a0\u00bb custom_padding__hover=\u00a0\u00bb|||\u00a0\u00bb][et_pb_image src=\u00a0\u00bbhttp:\/\/fathydanse.fr\/wp-content\/uploads\/2016\/05\/fathy-danse.jpg\u00a0\u00bb alt=\u00a0\u00bbbouchaib fathy\u00a0\u00bb align_tablet=\u00a0\u00bbcenter\u00a0\u00bb align_phone=\u00a0\u00bb\u00a0\u00bb align_last_edited=\u00a0\u00bbon|desktop\u00a0\u00bb admin_label=\u00a0\u00bbImage\u00a0\u00bb _builder_version=\u00a0\u00bb4.16&Prime; animation_style=\u00a0\u00bbslide\u00a0\u00bb animation_direction=\u00a0\u00bbleft\u00a0\u00bb animation_duration=\u00a0\u00bb500ms\u00a0\u00bb animation_intensity_slide=\u00a0\u00bb10%\u00a0\u00bb use_border_color=\u00a0\u00bboff\u00a0\u00bb border_color=\u00a0\u00bb#ffffff\u00a0\u00bb border_style=\u00a0\u00bbsolid\u00a0\u00bb animation=\u00a0\u00bbleft\u00a0\u00bb sticky=\u00a0\u00bboff\u00a0\u00bb always_center_on_mobile=\u00a0\u00bbon\u00a0\u00bb global_colors_info=\u00a0\u00bb{}\u00a0\u00bb][\/et_pb_image][\/et_pb_column][\/et_pb_row][et_pb_row column_structure=\u00a0\u00bb2_3,1_3&Prime; admin_label=\u00a0\u00bbLigne\u00a0\u00bb _builder_version=\u00a0\u00bb4.25.2&Prime; background_size=\u00a0\u00bbinitial\u00a0\u00bb background_position=\u00a0\u00bbtop_left\u00a0\u00bb background_repeat=\u00a0\u00bbrepeat\u00a0\u00bb hover_enabled=\u00a0\u00bb0&Prime; global_colors_info=\u00a0\u00bb{}\u00a0\u00bb sticky_enabled=\u00a0\u00bb0&Prime;][et_pb_column type=\u00a0\u00bb2_3&Prime; _builder_version=\u00a0\u00bb4.16&Prime; custom_padding=\u00a0\u00bb|||\u00a0\u00bb global_colors_info=\u00a0\u00bb{}\u00a0\u00bb custom_padding__hover=\u00a0\u00bb|||\u00a0\u00bb][et_pb_text admin_label=\u00a0\u00bbTexte\u00a0\u00bb _builder_version=\u00a0\u00bb4.16&Prime; background_size=\u00a0\u00bbinitial\u00a0\u00bb background_position=\u00a0\u00bbtop_left\u00a0\u00bb background_repeat=\u00a0\u00bbrepeat\u00a0\u00bb use_border_color=\u00a0\u00bboff\u00a0\u00bb border_color=\u00a0\u00bb#ffffff\u00a0\u00bb border_style=\u00a0\u00bbsolid\u00a0\u00bb global_colors_info=\u00a0\u00bb{}\u00a0\u00bb]<\/p>\n<h1>B\u00e9reng\u00e8re<\/h1>\n<hr \/>\n<p><strong><u>Le mot de B\u00e9reng\u00e8re<\/u><\/strong><\/p>\n<p>Le Modern Jazz sous influences : pour une ma\u00eetrise du vocabulaire gestuel acad\u00e9mique \u00e0 emmener dans vos bagages ; mais aussi pour une ouverture par des mots emprunt\u00e9s \u00e0 d&rsquo;autres disciplines pour \u00e9largir le paysage.<\/p>\n<p>Venez d\u00e9couvrir le cocktail dynamique, original et pr\u00e9cis de cette langue du corps n\u00e9cessaire \u00e0 nos vies. Entrez en r\u00e9sonnance avec vous-m\u00eame et le groupe pour des vendredis immanquables. Une passion, une transmission, un partage !<\/p>\n<p>&nbsp;<\/p>\n<p><strong><u>Parcours<\/u><\/strong><\/p>\n<p>Bac Danse Classique et cursus complet au conservatoire de Chartres (2006)<\/p>\n<p>Ensemble de formations entre Angers, Caen, Rennes&#8230; qui m\u00e8neront \u00e0 rejoindre les troupes de l&rsquo;Op\u00e9ra de Rennes et de Tours (2015 et 2016). Une dominante classique qui s&rsquo;\u00e9toffera au cours du temps avec du contemporain, du folklorique, du modern&rsquo;jazz, du cirque&#8230;<\/p>\n<p>[\/et_pb_text][\/et_pb_column][et_pb_column type=\u00a0\u00bb1_3&Prime; _builder_version=\u00a0\u00bb4.16&Prime; custom_padding=\u00a0\u00bb|||\u00a0\u00bb global_colors_info=\u00a0\u00bb{}\u00a0\u00bb custom_padding__hover=\u00a0\u00bb|||\u00a0\u00bb][et_pb_image src=\u00a0\u00bbhttps:\/\/fathydanse.fr\/wp-content\/uploads\/2024\/09\/Modern-Berengere.jpg\u00a0\u00bb alt=\u00a0\u00bbTimoth\u00e9e-Charles AUFRAY\u00a0\u00bb title_text=\u00a0\u00bbModern Berengere\u00a0\u00bb align_tablet=\u00a0\u00bbcenter\u00a0\u00bb align_phone=\u00a0\u00bb\u00a0\u00bb align_last_edited=\u00a0\u00bbon|desktop\u00a0\u00bb admin_label=\u00a0\u00bbImage\u00a0\u00bb _builder_version=\u00a0\u00bb4.25.2&Prime; animation_style=\u00a0\u00bbslide\u00a0\u00bb animation_direction=\u00a0\u00bbleft\u00a0\u00bb animation_duration=\u00a0\u00bb500ms\u00a0\u00bb animation_intensity_slide=\u00a0\u00bb10%\u00a0\u00bb hover_enabled=\u00a0\u00bb0&Prime; use_border_color=\u00a0\u00bboff\u00a0\u00bb border_color=\u00a0\u00bb#ffffff\u00a0\u00bb border_style=\u00a0\u00bbsolid\u00a0\u00bb animation=\u00a0\u00bbleft\u00a0\u00bb sticky=\u00a0\u00bboff\u00a0\u00bb always_center_on_mobile=\u00a0\u00bbon\u00a0\u00bb global_colors_info=\u00a0\u00bb{}\u00a0\u00bb sticky_enabled=\u00a0\u00bb0&Prime;][\/et_pb_image][\/et_pb_column][\/et_pb_row][\/et_pb_section]<\/p>\n","protected":false},"excerpt":{"rendered":"<p>Bouchaib Fathy, dipl\u00f4m\u00e9 d&rsquo;\u00e9tat Etudes\u00a0\u00a0 1997 Dipl\u00f4me d\u2019Etat de professeur de danse classique et modern jazz 1980 Premier prix de conservatoire Etudes \u00e0 Paris avec Gilbert Meyer, Daniel Frank et Franchetti de l\u2019Op\u00e9ra de Paris Etudes de modern jazz avec Matt Mattox et Redha 1975-1976 Dipl\u00f4mes sup\u00e9rieurs 1 et 2 au Conservatoire National du Maroc [&hellip;]<\/p>\n","protected":false},"author":1,"featured_media":0,"parent":0,"menu_order":0,"comment_status":"closed","ping_status":"closed","template":"","meta":{"_et_pb_use_builder":"on","_et_pb_old_content":"","_et_gb_content_width":"","footnotes":""},"yoast_head":"<!-- This site is optimized with the Yoast SEO plugin v24.5 - https:\/\/yoast.com\/wordpress\/plugins\/seo\/ -->\n<title>Fathy professeur de danse dipl\u00f4m\u00e9 d&#039;\u00e9tat<\/title>\n<meta name=\"description\" content=\"Fathy assure l&#039;ensemble des cours de l&#039;\u00e9cole de danse. Danseur professionnel dipl\u00f4m\u00e9 d&#039;\u00e9tat, Fathy suit vos enfants d\u00e8s 4 ans.\" \/>\n<meta name=\"robots\" content=\"index, follow, max-snippet:-1, max-image-preview:large, max-video-preview:-1\" \/>\n<link rel=\"canonical\" href=\"https:\/\/fathydanse.fr\/ecole-de-danse\/le-professeur\/\" \/>\n<meta property=\"og:locale\" content=\"fr_FR\" \/>\n<meta property=\"og:type\" content=\"article\" \/>\n<meta property=\"og:title\" content=\"Fathy professeur de danse dipl\u00f4m\u00e9 d&#039;\u00e9tat\" \/>\n<meta property=\"og:description\" content=\"Fathy assure l&#039;ensemble des cours de l&#039;\u00e9cole de danse. Danseur professionnel dipl\u00f4m\u00e9 d&#039;\u00e9tat, Fathy suit vos enfants d\u00e8s 4 ans.\" \/>\n<meta property=\"og:url\" content=\"https:\/\/fathydanse.fr\/ecole-de-danse\/le-professeur\/\" \/>\n<meta property=\"og:site_name\" content=\"Fathy Danse\" \/>\n<meta property=\"article:publisher\" content=\"https:\/\/www.facebook.com\/fathydanse\/\" \/>\n<meta property=\"article:modified_time\" content=\"2024-09-05T12:09:32+00:00\" \/>\n<meta property=\"og:image\" content=\"http:\/\/fathydanse.fr\/wp-content\/uploads\/2016\/05\/danse-mortagne-au-perche.jpg\" \/>\n<meta name=\"twitter:card\" content=\"summary_large_image\" \/>\n<meta name=\"twitter:label1\" content=\"Dur\u00e9e de lecture estim\u00e9e\" \/>\n\t<meta name=\"twitter:data1\" content=\"2 minutes\" \/>\n<script type=\"application\/ld+json\" class=\"yoast-schema-graph\">{\"@context\":\"https:\/\/schema.org\",\"@graph\":[{\"@type\":\"WebPage\",\"@id\":\"https:\/\/fathydanse.fr\/ecole-de-danse\/le-professeur\/\",\"url\":\"https:\/\/fathydanse.fr\/ecole-de-danse\/le-professeur\/\",\"name\":\"Fathy professeur de danse dipl\u00f4m\u00e9 d'\u00e9tat\",\"isPartOf\":{\"@id\":\"https:\/\/fathydanse.fr\/ecole-de-danse\/#website\"},\"datePublished\":\"2016-05-12T08:27:58+00:00\",\"dateModified\":\"2024-09-05T12:09:32+00:00\",\"description\":\"Fathy assure l'ensemble des cours de l'\u00e9cole de danse. Danseur professionnel dipl\u00f4m\u00e9 d'\u00e9tat, Fathy suit vos enfants d\u00e8s 4 ans.\",\"breadcrumb\":{\"@id\":\"https:\/\/fathydanse.fr\/ecole-de-danse\/le-professeur\/#breadcrumb\"},\"inLanguage\":\"fr-FR\",\"potentialAction\":[{\"@type\":\"ReadAction\",\"target\":[\"https:\/\/fathydanse.fr\/ecole-de-danse\/le-professeur\/\"]}]},{\"@type\":\"BreadcrumbList\",\"@id\":\"https:\/\/fathydanse.fr\/ecole-de-danse\/le-professeur\/#breadcrumb\",\"itemListElement\":[{\"@type\":\"ListItem\",\"position\":1,\"name\":\"Accueil\",\"item\":\"https:\/\/fathydanse.fr\/ecole-de-danse\/\"},{\"@type\":\"ListItem\",\"position\":2,\"name\":\"Les professeurs\"}]},{\"@type\":\"WebSite\",\"@id\":\"https:\/\/fathydanse.fr\/ecole-de-danse\/#website\",\"url\":\"https:\/\/fathydanse.fr\/ecole-de-danse\/\",\"name\":\"Fathy Danse\",\"description\":\"Ecole de danse\",\"potentialAction\":[{\"@type\":\"SearchAction\",\"target\":{\"@type\":\"EntryPoint\",\"urlTemplate\":\"https:\/\/fathydanse.fr\/ecole-de-danse\/?s={search_term_string}\"},\"query-input\":{\"@type\":\"PropertyValueSpecification\",\"valueRequired\":true,\"valueName\":\"search_term_string\"}}],\"inLanguage\":\"fr-FR\"}]}<\/script>\n<!-- \/ Yoast SEO plugin. -->","yoast_head_json":{"title":"Fathy professeur de danse dipl\u00f4m\u00e9 d'\u00e9tat","description":"Fathy assure l'ensemble des cours de l'\u00e9cole de danse. Danseur professionnel dipl\u00f4m\u00e9 d'\u00e9tat, Fathy suit vos enfants d\u00e8s 4 ans.","robots":{"index":"index","follow":"follow","max-snippet":"max-snippet:-1","max-image-preview":"max-image-preview:large","max-video-preview":"max-video-preview:-1"},"canonical":"https:\/\/fathydanse.fr\/ecole-de-danse\/le-professeur\/","og_locale":"fr_FR","og_type":"article","og_title":"Fathy professeur de danse dipl\u00f4m\u00e9 d'\u00e9tat","og_description":"Fathy assure l'ensemble des cours de l'\u00e9cole de danse. Danseur professionnel dipl\u00f4m\u00e9 d'\u00e9tat, Fathy suit vos enfants d\u00e8s 4 ans.","og_url":"https:\/\/fathydanse.fr\/ecole-de-danse\/le-professeur\/","og_site_name":"Fathy Danse","article_publisher":"https:\/\/www.facebook.com\/fathydanse\/","article_modified_time":"2024-09-05T12:09:32+00:00","og_image":[{"url":"http:\/\/fathydanse.fr\/wp-content\/uploads\/2016\/05\/danse-mortagne-au-perche.jpg","type":"","width":"","height":""}],"twitter_card":"summary_large_image","twitter_misc":{"Dur\u00e9e de lecture estim\u00e9e":"2 minutes"},"schema":{"@context":"https:\/\/schema.org","@graph":[{"@type":"WebPage","@id":"https:\/\/fathydanse.fr\/ecole-de-danse\/le-professeur\/","url":"https:\/\/fathydanse.fr\/ecole-de-danse\/le-professeur\/","name":"Fathy professeur de danse dipl\u00f4m\u00e9 d'\u00e9tat","isPartOf":{"@id":"https:\/\/fathydanse.fr\/ecole-de-danse\/#website"},"datePublished":"2016-05-12T08:27:58+00:00","dateModified":"2024-09-05T12:09:32+00:00","description":"Fathy assure l'ensemble des cours de l'\u00e9cole de danse. Danseur professionnel dipl\u00f4m\u00e9 d'\u00e9tat, Fathy suit vos enfants d\u00e8s 4 ans.","breadcrumb":{"@id":"https:\/\/fathydanse.fr\/ecole-de-danse\/le-professeur\/#breadcrumb"},"inLanguage":"fr-FR","potentialAction":[{"@type":"ReadAction","target":["https:\/\/fathydanse.fr\/ecole-de-danse\/le-professeur\/"]}]},{"@type":"BreadcrumbList","@id":"https:\/\/fathydanse.fr\/ecole-de-danse\/le-professeur\/#breadcrumb","itemListElement":[{"@type":"ListItem","position":1,"name":"Accueil","item":"https:\/\/fathydanse.fr\/ecole-de-danse\/"},{"@type":"ListItem","position":2,"name":"Les professeurs"}]},{"@type":"WebSite","@id":"https:\/\/fathydanse.fr\/ecole-de-danse\/#website","url":"https:\/\/fathydanse.fr\/ecole-de-danse\/","name":"Fathy Danse","description":"Ecole de danse","potentialAction":[{"@type":"SearchAction","target":{"@type":"EntryPoint","urlTemplate":"https:\/\/fathydanse.fr\/ecole-de-danse\/?s={search_term_string}"},"query-input":{"@type":"PropertyValueSpecification","valueRequired":true,"valueName":"search_term_string"}}],"inLanguage":"fr-FR"}]}},"_links":{"self":[{"href":"https:\/\/fathydanse.fr\/ecole-de-danse\/wp-json\/wp\/v2\/pages\/77"}],"collection":[{"href":"https:\/\/fathydanse.fr\/ecole-de-danse\/wp-json\/wp\/v2\/pages"}],"about":[{"href":"https:\/\/fathydanse.fr\/ecole-de-danse\/wp-json\/wp\/v2\/types\/page"}],"author":[{"embeddable":true,"href":"https:\/\/fathydanse.fr\/ecole-de-danse\/wp-json\/wp\/v2\/users\/1"}],"replies":[{"embeddable":true,"href":"https:\/\/fathydanse.fr\/ecole-de-danse\/wp-json\/wp\/v2\/comments?post=77"}],"version-history":[{"count":5,"href":"https:\/\/fathydanse.fr\/ecole-de-danse\/wp-json\/wp\/v2\/pages\/77\/revisions"}],"predecessor-version":[{"id":2918,"href":"https:\/\/fathydanse.fr\/ecole-de-danse\/wp-json\/wp\/v2\/pages\/77\/revisions\/2918"}],"wp:attachment":[{"href":"https:\/\/fathydanse.fr\/ecole-de-danse\/wp-json\/wp\/v2\/media?parent=77"}],"curies":[{"name":"wp","href":"https:\/\/api.w.org\/{rel}","templated":true}]}}